{"id":1088,"date":"2023-09-02T18:23:13","date_gmt":"2023-09-02T16:23:13","guid":{"rendered":"http:\/\/m.bckarate.fr\/?page_id=1088"},"modified":"2023-09-02T18:23:24","modified_gmt":"2023-09-02T16:23:24","slug":"palmares","status":"publish","type":"page","link":"https:\/\/bckarate.fr\/index.php\/palmares\/","title":{"rendered":"Palmar\u00e8s"},"content":{"rendered":"<p>[et_pb_section fb_built=\u00a0\u00bb1&Prime; admin_label=\u00a0\u00bbHeader\u00a0\u00bb _builder_version=\u00a0\u00bb4.16&Prime; global_colors_info=\u00a0\u00bb{}\u00a0\u00bb theme_builder_area=\u00a0\u00bbpost_content\u00a0\u00bb][et_pb_row column_structure=\u00a0\u00bb3_5,2_5&Prime; _builder_version=\u00a0\u00bb4.16&Prime; global_colors_info=\u00a0\u00bb{}\u00a0\u00bb theme_builder_area=\u00a0\u00bbpost_content\u00a0\u00bb][et_pb_column type=\u00a0\u00bb3_5&Prime; _builder_version=\u00a0\u00bb4.16&Prime; z_index=\u00a0\u00bb10&Prime; global_colors_info=\u00a0\u00bb{}\u00a0\u00bb theme_builder_area=\u00a0\u00bbpost_content\u00a0\u00bb][et_pb_text _builder_version=\u00a0\u00bb4.22.1&Prime; header_2_font=\u00a0\u00bbMontserrat|900|on||||||\u00a0\u00bb header_2_font_size=\u00a0\u00bb64px\u00a0\u00bb custom_margin=\u00a0\u00bb||||false|false\u00a0\u00bb hover_enabled=\u00a0\u00bb0&Prime; header_2_font_size_tablet=\u00a0\u00bb56px\u00a0\u00bb header_2_font_size_phone=\u00a0\u00bb32px\u00a0\u00bb header_2_font_size_last_edited=\u00a0\u00bbon|desktop\u00a0\u00bb locked=\u00a0\u00bboff\u00a0\u00bb global_colors_info=\u00a0\u00bb{}\u00a0\u00bb theme_builder_area=\u00a0\u00bbpost_content\u00a0\u00bb sticky_enabled=\u00a0\u00bb0&Prime;]<\/p>\n<h2>Comp\u00e9titions<\/h2>\n<p>[\/et_pb_text][et_pb_text _builder_version=\u00a0\u00bb4.16&Prime; text_font=\u00a0\u00bbMontserrat||||||||\u00a0\u00bb text_font_size=\u00a0\u00bb16px\u00a0\u00bb text_line_height=\u00a0\u00bb1.8em\u00a0\u00bb text_font_size_tablet=\u00a0\u00bb15px\u00a0\u00bb text_font_size_phone=\u00a0\u00bb14px\u00a0\u00bb text_font_size_last_edited=\u00a0\u00bbon|desktop\u00a0\u00bb global_colors_info=\u00a0\u00bb{}\u00a0\u00bb theme_builder_area=\u00a0\u00bbpost_content\u00a0\u00bb custom_padding=\u00a0\u00bb||0px|||\u00a0\u00bb]<\/p>\n<p>(liste des \u00e9l\u00e8ves pr\u00e9sent\u00e9s par le BUDO CIOTADEN pour les saisons r\u00e9centes uniquement):<br \/>&#8211; Championne de France senior Yoseikan Budo 2018 (07\/04\/2018 \u00e0 Lyon) : KIEFFER Norine<\/p>\n<p>&#8211; 1er en championnat d\u00e9partement 13 combat 26\/11\/2011, cadet gar\u00e7on: AKKAN J\u00e9r\u00e9my<br \/>&#8211; 2\u00e8me en coupe d\u00e9partement 13 combat 26\/11\/2011, pupille gar\u00e7on: MEDEREG-NAROU Elyas<br \/>&#8211; 2\u00e8me en coupe d\u00e9partement 13 combat 26\/11\/2011, pupille fille : PRZYSIEK Ad\u00e9lie<br \/>&#8211; 2\u00e8me en coupe Provence combat 30\/10\/2010, senior f\u00e9minine : BOUKRIM Izdihar<br \/>&#8211; 2\u00e8me en coupe Provence combat 30\/10\/2010, senior masculin : MARCHETTI Justin<br \/>&#8211; 1er en Coupe de Provence Combat 30\/01\/2010, pupille gar\u00e7on : KERRIAS Vincent (s\u00e9lectionn\u00e9 pour la Coupe de France du 15\/05\/2010)<br \/>&#8211; 3\u00e8me en Coupe D\u00e9partementale 13 Combat 14\/11\/2009, pupille gar\u00e7on : KERRIAS Vincent<br \/>&#8211; 3\u00e8me en Crit\u00e9rium de Ligue Combat 31\/10\/2009, pupille gar\u00e7on : KERRIAS Vincent<\/p>\n<p>[\/et_pb_text][et_pb_social_media_follow icon_color=\u00a0\u00bb#000000&Prime; icon_color_tablet=\u00a0\u00bb\u00a0\u00bb icon_color_phone=\u00a0\u00bb#ffffff\u00a0\u00bb icon_color_last_edited=\u00a0\u00bbon|phone\u00a0\u00bb _builder_version=\u00a0\u00bb4.16&Prime; scroll_vertical_motion_enable=\u00a0\u00bbon\u00a0\u00bb scroll_vertical_motion=\u00a0\u00bb0|50|50|100|0.5|0|-0.5&Prime; locked=\u00a0\u00bboff\u00a0\u00bb global_colors_info=\u00a0\u00bb{}\u00a0\u00bb theme_builder_area=\u00a0\u00bbpost_content\u00a0\u00bb][et_pb_social_media_follow_network social_network=\u00a0\u00bbfacebook\u00a0\u00bb _builder_version=\u00a0\u00bb4.16&Prime; background_color=\u00a0\u00bbrgba(0,0,0,0)\u00a0\u00bb background_enable_color=\u00a0\u00bbon\u00a0\u00bb global_colors_info=\u00a0\u00bb{}\u00a0\u00bb theme_builder_area=\u00a0\u00bbpost_content\u00a0\u00bb follow_button=\u00a0\u00bboff\u00a0\u00bb url_new_window=\u00a0\u00bbon\u00a0\u00bb]facebook[\/et_pb_social_media_follow_network][et_pb_social_media_follow_network social_network=\u00a0\u00bbtwitter\u00a0\u00bb _builder_version=\u00a0\u00bb4.16&Prime; background_enable_color=\u00a0\u00bboff\u00a0\u00bb global_colors_info=\u00a0\u00bb{}\u00a0\u00bb theme_builder_area=\u00a0\u00bbpost_content\u00a0\u00bb follow_button=\u00a0\u00bboff\u00a0\u00bb url_new_window=\u00a0\u00bbon\u00a0\u00bb]twitter[\/et_pb_social_media_follow_network][et_pb_social_media_follow_network social_network=\u00a0\u00bblinkedin\u00a0\u00bb _builder_version=\u00a0\u00bb4.16&Prime; background_color=\u00a0\u00bb#007bb6&Prime; background_enable_color=\u00a0\u00bboff\u00a0\u00bb global_colors_info=\u00a0\u00bb{}\u00a0\u00bb theme_builder_area=\u00a0\u00bbpost_content\u00a0\u00bb follow_button=\u00a0\u00bboff\u00a0\u00bb url_new_window=\u00a0\u00bbon\u00a0\u00bb]linkedin[\/et_pb_social_media_follow_network][et_pb_social_media_follow_network social_network=\u00a0\u00bbinstagram\u00a0\u00bb _builder_version=\u00a0\u00bb4.16&Prime; background_color=\u00a0\u00bb#ea2c59&Prime; background_enable_color=\u00a0\u00bboff\u00a0\u00bb global_colors_info=\u00a0\u00bb{}\u00a0\u00bb theme_builder_area=\u00a0\u00bbpost_content\u00a0\u00bb follow_button=\u00a0\u00bboff\u00a0\u00bb url_new_window=\u00a0\u00bbon\u00a0\u00bb]instagram[\/et_pb_social_media_follow_network][\/et_pb_social_media_follow][\/et_pb_column][et_pb_column type=\u00a0\u00bb2_5&Prime; _builder_version=\u00a0\u00bb4.16&Prime; global_colors_info=\u00a0\u00bb{}\u00a0\u00bb theme_builder_area=\u00a0\u00bbpost_content\u00a0\u00bb][et_pb_image src=\u00a0\u00bbhttp:\/\/m.bckarate.fr\/wp-content\/uploads\/2023\/08\/fitness-coach-36.jpg\u00a0\u00bb title_text=\u00a0\u00bbfitness-coach-36&Prime; _builder_version=\u00a0\u00bb4.16&Prime; positioning=\u00a0\u00bbabsolute\u00a0\u00bb position_origin_a=\u00a0\u00bbtop_right\u00a0\u00bb custom_margin=\u00a0\u00bb|-10vw||-6vw|false|false\u00a0\u00bb global_colors_info=\u00a0\u00bb{}\u00a0\u00bb theme_builder_area=\u00a0\u00bbpost_content\u00a0\u00bb][\/et_pb_image][et_pb_image src=\u00a0\u00bbhttp:\/\/m.bckarate.fr\/wp-content\/uploads\/2023\/09\/samourai_BD.png\u00a0\u00bb title_text=\u00a0\u00bbsamourai_BD\u00a0\u00bb _builder_version=\u00a0\u00bb4.22.1&Prime; module_alignment=\u00a0\u00bbcenter\u00a0\u00bb custom_margin=\u00a0\u00bb|-8vw|||false|false\u00a0\u00bb custom_margin_tablet=\u00a0\u00bb0vw||||false|false\u00a0\u00bb custom_margin_last_edited=\u00a0\u00bboff|desktop\u00a0\u00bb custom_padding=\u00a0\u00bb||||false|false\u00a0\u00bb scroll_horizontal_motion_enable=\u00a0\u00bbon\u00a0\u00bb scroll_horizontal_motion=\u00a0\u00bb0|0|0|100|0|0|1&Prime; motion_trigger_start=\u00a0\u00bbbottom\u00a0\u00bb hover_enabled=\u00a0\u00bb0&Prime; locked=\u00a0\u00bboff\u00a0\u00bb global_colors_info=\u00a0\u00bb{}\u00a0\u00bb theme_builder_area=\u00a0\u00bbpost_content\u00a0\u00bb sticky_enabled=\u00a0\u00bb0&Prime;][\/et_pb_image][\/et_pb_column][\/et_pb_row][\/et_pb_section][et_pb_section fb_built=\u00a0\u00bb1&Prime; admin_label=\u00a0\u00bbFeatures\u00a0\u00bb _builder_version=\u00a0\u00bb4.16&Prime; global_colors_info=\u00a0\u00bb{}\u00a0\u00bb theme_builder_area=\u00a0\u00bbpost_content\u00a0\u00bb][et_pb_row column_structure=\u00a0\u00bb1_2,1_2&Prime; _builder_version=\u00a0\u00bb4.16&Prime; global_colors_info=\u00a0\u00bb{}\u00a0\u00bb theme_builder_area=\u00a0\u00bbpost_content\u00a0\u00bb][et_pb_column type=\u00a0\u00bb1_2&Prime; _builder_version=\u00a0\u00bb4.16&Prime; global_colors_info=\u00a0\u00bb{}\u00a0\u00bb theme_builder_area=\u00a0\u00bbpost_content\u00a0\u00bb][et_pb_text _builder_version=\u00a0\u00bb4.16&Prime; header_2_font=\u00a0\u00bbMontserrat|900|on||||||\u00a0\u00bb header_2_font_size=\u00a0\u00bb60px\u00a0\u00bb header_2_line_height=\u00a0\u00bb1.2em\u00a0\u00bb custom_margin=\u00a0\u00bb||||false|false\u00a0\u00bb header_2_font_size_tablet=\u00a0\u00bb36px\u00a0\u00bb header_2_font_size_phone=\u00a0\u00bb24px\u00a0\u00bb header_2_font_size_last_edited=\u00a0\u00bbon|phone\u00a0\u00bb locked=\u00a0\u00bboff\u00a0\u00bb global_colors_info=\u00a0\u00bb{}\u00a0\u00bb theme_builder_area=\u00a0\u00bbpost_content\u00a0\u00bb]<\/p>\n<h2>Grades<\/h2>\n<p>[\/et_pb_text][et_pb_text _builder_version=\u00a0\u00bb4.16&Prime; text_font=\u00a0\u00bbMontserrat||||||||\u00a0\u00bb text_font_size=\u00a0\u00bb15px\u00a0\u00bb text_line_height=\u00a0\u00bb1.8em\u00a0\u00bb header_3_font=\u00a0\u00bbMontserrat|900|on||||||\u00a0\u00bb header_3_font_size=\u00a0\u00bb30px\u00a0\u00bb header_3_line_height=\u00a0\u00bb1.4em\u00a0\u00bb header_4_font=\u00a0\u00bbMontserrat|900|on||||||\u00a0\u00bb header_4_font_size=\u00a0\u00bb64px\u00a0\u00bb header_4_line_height=\u00a0\u00bb1.4em\u00a0\u00bb background_color=\u00a0\u00bb#000000&Prime; background_layout=\u00a0\u00bbdark\u00a0\u00bb custom_padding=\u00a0\u00bb60px|60px|60px|60px|true|true\u00a0\u00bb custom_padding_tablet=\u00a0\u00bb40px|30px|40px|30px|true|true\u00a0\u00bb custom_padding_phone=\u00a0\u00bb30px|20px|30px|20px|true|true\u00a0\u00bb custom_padding_last_edited=\u00a0\u00bbon|phone\u00a0\u00bb text_font_size_tablet=\u00a0\u00bb\u00a0\u00bb text_font_size_phone=\u00a0\u00bb14px\u00a0\u00bb text_font_size_last_edited=\u00a0\u00bbon|phone\u00a0\u00bb locked=\u00a0\u00bboff\u00a0\u00bb global_colors_info=\u00a0\u00bb{}\u00a0\u00bb theme_builder_area=\u00a0\u00bbpost_content\u00a0\u00bb]<\/p>\n<h4>36<\/h4>\n<h3>Ceintures noires<\/h3>\n<p>Le Budo Ciotaden Karat\u00e9 a form\u00e9 36 ceintures noires avec des grades allant du 1er dan au 5\u00e8me dan.<\/p>\n<p>[\/et_pb_text][\/et_pb_column][et_pb_column type=\u00a0\u00bb1_2&Prime; _builder_version=\u00a0\u00bb4.16&Prime; global_colors_info=\u00a0\u00bb{}\u00a0\u00bb theme_builder_area=\u00a0\u00bbpost_content\u00a0\u00bb][et_pb_text _builder_version=\u00a0\u00bb4.16&Prime; text_font=\u00a0\u00bbMontserrat||||||||\u00a0\u00bb text_font_size=\u00a0\u00bb15px\u00a0\u00bb text_line_height=\u00a0\u00bb1.8em\u00a0\u00bb header_3_font=\u00a0\u00bbMontserrat|900|on||||||\u00a0\u00bb header_3_font_size=\u00a0\u00bb30px\u00a0\u00bb header_3_line_height=\u00a0\u00bb1.4em\u00a0\u00bb header_4_font=\u00a0\u00bbMontserrat|900|on||||||\u00a0\u00bb header_4_font_size=\u00a0\u00bb64px\u00a0\u00bb header_4_line_height=\u00a0\u00bb1.4em\u00a0\u00bb background_color=\u00a0\u00bb#ffc500&Prime; background_layout=\u00a0\u00bbdark\u00a0\u00bb custom_padding=\u00a0\u00bb60px|60px|60px|60px|true|true\u00a0\u00bb custom_padding_tablet=\u00a0\u00bb40px|30px|40px|30px|true|true\u00a0\u00bb custom_padding_phone=\u00a0\u00bb30px|20px|30px|20px|true|true\u00a0\u00bb custom_padding_last_edited=\u00a0\u00bbon|phone\u00a0\u00bb text_font_size_tablet=\u00a0\u00bb\u00a0\u00bb text_font_size_phone=\u00a0\u00bb14px\u00a0\u00bb text_font_size_last_edited=\u00a0\u00bbon|phone\u00a0\u00bb locked=\u00a0\u00bboff\u00a0\u00bb global_colors_info=\u00a0\u00bb{}\u00a0\u00bb theme_builder_area=\u00a0\u00bbpost_content\u00a0\u00bb]<\/p>\n<h4>50<\/h4>\n<h3>Grades DAN<\/h3>\n<p style=\"text-align: justify;\">ont \u00e9t\u00e9 ainsi obtenus par le club.<br \/>Ceci repr\u00e9sente une grande fiert\u00e9 pour les enseignants et un atout pour la repr\u00e9sentativit\u00e9 du club.<\/p>\n<p>[\/et_pb_text][\/et_pb_column][\/et_pb_row][\/et_pb_section]<\/p>\n","protected":false},"excerpt":{"rendered":"<p>Comp\u00e9titions(liste des \u00e9l\u00e8ves pr\u00e9sent\u00e9s par le BUDO CIOTADEN pour les saisons r\u00e9centes uniquement):- Championne de France senior Yoseikan Budo 2018 (07\/04\/2018 \u00e0 Lyon) : KIEFFER Norine &#8211; 1er en championnat d\u00e9partement 13 combat 26\/11\/2011, cadet gar\u00e7on: AKKAN J\u00e9r\u00e9my- 2\u00e8me en coupe d\u00e9partement 13 combat 26\/11\/2011, pupille gar\u00e7on: MEDEREG-NAROU Elyas- 2\u00e8me en coupe d\u00e9partement 13 combat [&hellip;]<\/p>\n","protected":false},"author":1,"featured_media":0,"parent":0,"menu_order":0,"comment_status":"closed","ping_status":"closed","template":"","meta":{"_et_pb_use_builder":"on","_et_pb_old_content":"","_et_gb_content_width":"","footnotes":""},"class_list":["post-1088","page","type-page","status-publish","hentry"],"yoast_head":"<!-- This site is optimized with the Yoast SEO plugin v27.5 - https:\/\/yoast.com\/product\/yoast-seo-wordpress\/ -->\n<title>Palmar\u00e8s - BCKarat\u00e9<\/title>\n<meta name=\"robots\" content=\"index, follow, max-snippet:-1, max-image-preview:large, max-video-preview:-1\" \/>\n<link rel=\"canonical\" href=\"https:\/\/bckarate.fr\/index.php\/palmares\/\" \/>\n<meta property=\"og:locale\" content=\"fr_FR\" \/>\n<meta property=\"og:type\" content=\"article\" \/>\n<meta property=\"og:title\" content=\"Palmar\u00e8s - BCKarat\u00e9\" \/>\n<meta property=\"og:description\" content=\"Comp\u00e9titions(liste des \u00e9l\u00e8ves pr\u00e9sent\u00e9s par le BUDO CIOTADEN pour les saisons r\u00e9centes uniquement):- Championne de France senior Yoseikan Budo 2018 (07\/04\/2018 \u00e0 Lyon) : KIEFFER Norine - 1er en championnat d\u00e9partement 13 combat 26\/11\/2011, cadet gar\u00e7on: AKKAN J\u00e9r\u00e9my- 2\u00e8me en coupe d\u00e9partement 13 combat 26\/11\/2011, pupille gar\u00e7on: MEDEREG-NAROU Elyas- 2\u00e8me en coupe d\u00e9partement 13 combat [&hellip;]\" \/>\n<meta property=\"og:url\" content=\"https:\/\/bckarate.fr\/index.php\/palmares\/\" \/>\n<meta property=\"og:site_name\" content=\"BCKarat\u00e9\" \/>\n<meta property=\"article:publisher\" content=\"https:\/\/www.facebook.com\/BudoCiotadenKarate\" \/>\n<meta property=\"article:modified_time\" content=\"2023-09-02T16:23:24+00:00\" \/>\n<meta name=\"twitter:card\" content=\"summary_large_image\" \/>\n<meta name=\"twitter:label1\" content=\"Dur\u00e9e de lecture estim\u00e9e\" \/>\n\t<meta name=\"twitter:data1\" content=\"5 minutes\" \/>\n<script type=\"application\/ld+json\" class=\"yoast-schema-graph\">{\"@context\":\"https:\\\/\\\/schema.org\",\"@graph\":[{\"@type\":\"WebPage\",\"@id\":\"https:\\\/\\\/bckarate.fr\\\/index.php\\\/palmares\\\/\",\"url\":\"https:\\\/\\\/bckarate.fr\\\/index.php\\\/palmares\\\/\",\"name\":\"Palmar\u00e8s - BCKarat\u00e9\",\"isPartOf\":{\"@id\":\"https:\\\/\\\/bckarate.fr\\\/#website\"},\"datePublished\":\"2023-09-02T16:23:13+00:00\",\"dateModified\":\"2023-09-02T16:23:24+00:00\",\"breadcrumb\":{\"@id\":\"https:\\\/\\\/bckarate.fr\\\/index.php\\\/palmares\\\/#breadcrumb\"},\"inLanguage\":\"fr-FR\",\"potentialAction\":[{\"@type\":\"ReadAction\",\"target\":[\"https:\\\/\\\/bckarate.fr\\\/index.php\\\/palmares\\\/\"]}]},{\"@type\":\"BreadcrumbList\",\"@id\":\"https:\\\/\\\/bckarate.fr\\\/index.php\\\/palmares\\\/#breadcrumb\",\"itemListElement\":[{\"@type\":\"ListItem\",\"position\":1,\"name\":\"Accueil\",\"item\":\"https:\\\/\\\/bckarate.fr\\\/\"},{\"@type\":\"ListItem\",\"position\":2,\"name\":\"Palmar\u00e8s\"}]},{\"@type\":\"WebSite\",\"@id\":\"https:\\\/\\\/bckarate.fr\\\/#website\",\"url\":\"https:\\\/\\\/bckarate.fr\\\/\",\"name\":\"BCKarat\u00e9\",\"description\":\"Club de karat\u00e9 de La Ciotat\",\"publisher\":{\"@id\":\"https:\\\/\\\/bckarate.fr\\\/#organization\"},\"potentialAction\":[{\"@type\":\"SearchAction\",\"target\":{\"@type\":\"EntryPoint\",\"urlTemplate\":\"https:\\\/\\\/bckarate.fr\\\/?s={search_term_string}\"},\"query-input\":{\"@type\":\"PropertyValueSpecification\",\"valueRequired\":true,\"valueName\":\"search_term_string\"}}],\"inLanguage\":\"fr-FR\"},{\"@type\":\"Organization\",\"@id\":\"https:\\\/\\\/bckarate.fr\\\/#organization\",\"name\":\"BCKarat\u00e9\",\"url\":\"https:\\\/\\\/bckarate.fr\\\/\",\"logo\":{\"@type\":\"ImageObject\",\"inLanguage\":\"fr-FR\",\"@id\":\"https:\\\/\\\/bckarate.fr\\\/#\\\/schema\\\/logo\\\/image\\\/\",\"url\":\"http:\\\/\\\/m.bckarate.fr\\\/wp-content\\\/uploads\\\/2023\\\/02\\\/logo_rond_250_250px.png\",\"contentUrl\":\"http:\\\/\\\/m.bckarate.fr\\\/wp-content\\\/uploads\\\/2023\\\/02\\\/logo_rond_250_250px.png\",\"width\":250,\"height\":250,\"caption\":\"BCKarat\u00e9\"},\"image\":{\"@id\":\"https:\\\/\\\/bckarate.fr\\\/#\\\/schema\\\/logo\\\/image\\\/\"},\"sameAs\":[\"https:\\\/\\\/www.facebook.com\\\/BudoCiotadenKarate\"]}]}<\/script>\n<!-- \/ Yoast SEO plugin. -->","yoast_head_json":{"title":"Palmar\u00e8s - BCKarat\u00e9","robots":{"index":"index","follow":"follow","max-snippet":"max-snippet:-1","max-image-preview":"max-image-preview:large","max-video-preview":"max-video-preview:-1"},"canonical":"https:\/\/bckarate.fr\/index.php\/palmares\/","og_locale":"fr_FR","og_type":"article","og_title":"Palmar\u00e8s - BCKarat\u00e9","og_description":"Comp\u00e9titions(liste des \u00e9l\u00e8ves pr\u00e9sent\u00e9s par le BUDO CIOTADEN pour les saisons r\u00e9centes uniquement):- Championne de France senior Yoseikan Budo 2018 (07\/04\/2018 \u00e0 Lyon) : KIEFFER Norine - 1er en championnat d\u00e9partement 13 combat 26\/11\/2011, cadet gar\u00e7on: AKKAN J\u00e9r\u00e9my- 2\u00e8me en coupe d\u00e9partement 13 combat 26\/11\/2011, pupille gar\u00e7on: MEDEREG-NAROU Elyas- 2\u00e8me en coupe d\u00e9partement 13 combat [&hellip;]","og_url":"https:\/\/bckarate.fr\/index.php\/palmares\/","og_site_name":"BCKarat\u00e9","article_publisher":"https:\/\/www.facebook.com\/BudoCiotadenKarate","article_modified_time":"2023-09-02T16:23:24+00:00","twitter_card":"summary_large_image","twitter_misc":{"Dur\u00e9e de lecture estim\u00e9e":"5 minutes"},"schema":{"@context":"https:\/\/schema.org","@graph":[{"@type":"WebPage","@id":"https:\/\/bckarate.fr\/index.php\/palmares\/","url":"https:\/\/bckarate.fr\/index.php\/palmares\/","name":"Palmar\u00e8s - BCKarat\u00e9","isPartOf":{"@id":"https:\/\/bckarate.fr\/#website"},"datePublished":"2023-09-02T16:23:13+00:00","dateModified":"2023-09-02T16:23:24+00:00","breadcrumb":{"@id":"https:\/\/bckarate.fr\/index.php\/palmares\/#breadcrumb"},"inLanguage":"fr-FR","potentialAction":[{"@type":"ReadAction","target":["https:\/\/bckarate.fr\/index.php\/palmares\/"]}]},{"@type":"BreadcrumbList","@id":"https:\/\/bckarate.fr\/index.php\/palmares\/#breadcrumb","itemListElement":[{"@type":"ListItem","position":1,"name":"Accueil","item":"https:\/\/bckarate.fr\/"},{"@type":"ListItem","position":2,"name":"Palmar\u00e8s"}]},{"@type":"WebSite","@id":"https:\/\/bckarate.fr\/#website","url":"https:\/\/bckarate.fr\/","name":"BCKarat\u00e9","description":"Club de karat\u00e9 de La Ciotat","publisher":{"@id":"https:\/\/bckarate.fr\/#organization"},"potentialAction":[{"@type":"SearchAction","target":{"@type":"EntryPoint","urlTemplate":"https:\/\/bckarate.fr\/?s={search_term_string}"},"query-input":{"@type":"PropertyValueSpecification","valueRequired":true,"valueName":"search_term_string"}}],"inLanguage":"fr-FR"},{"@type":"Organization","@id":"https:\/\/bckarate.fr\/#organization","name":"BCKarat\u00e9","url":"https:\/\/bckarate.fr\/","logo":{"@type":"ImageObject","inLanguage":"fr-FR","@id":"https:\/\/bckarate.fr\/#\/schema\/logo\/image\/","url":"http:\/\/m.bckarate.fr\/wp-content\/uploads\/2023\/02\/logo_rond_250_250px.png","contentUrl":"http:\/\/m.bckarate.fr\/wp-content\/uploads\/2023\/02\/logo_rond_250_250px.png","width":250,"height":250,"caption":"BCKarat\u00e9"},"image":{"@id":"https:\/\/bckarate.fr\/#\/schema\/logo\/image\/"},"sameAs":["https:\/\/www.facebook.com\/BudoCiotadenKarate"]}]}},"_links":{"self":[{"href":"https:\/\/bckarate.fr\/index.php\/wp-json\/wp\/v2\/pages\/1088","targetHints":{"allow":["GET"]}}],"collection":[{"href":"https:\/\/bckarate.fr\/index.php\/wp-json\/wp\/v2\/pages"}],"about":[{"href":"https:\/\/bckarate.fr\/index.php\/wp-json\/wp\/v2\/types\/page"}],"author":[{"embeddable":true,"href":"https:\/\/bckarate.fr\/index.php\/wp-json\/wp\/v2\/users\/1"}],"replies":[{"embeddable":true,"href":"https:\/\/bckarate.fr\/index.php\/wp-json\/wp\/v2\/comments?post=1088"}],"version-history":[{"count":3,"href":"https:\/\/bckarate.fr\/index.php\/wp-json\/wp\/v2\/pages\/1088\/revisions"}],"predecessor-version":[{"id":1093,"href":"https:\/\/bckarate.fr\/index.php\/wp-json\/wp\/v2\/pages\/1088\/revisions\/1093"}],"wp:attachment":[{"href":"https:\/\/bckarate.fr\/index.php\/wp-json\/wp\/v2\/media?parent=1088"}],"curies":[{"name":"wp","href":"https:\/\/api.w.org\/{rel}","templated":true}]}}